{"id":1721,"date":"2021-02-02T08:42:42","date_gmt":"2021-02-02T08:42:42","guid":{"rendered":"https:\/\/mobilise-sme.eu\/soporte-financiero\/"},"modified":"2021-03-25T09:55:17","modified_gmt":"2021-03-25T09:55:17","slug":"soporte-financiero","status":"publish","type":"page","link":"https:\/\/mobilise-sme.eu\/es\/soporte-financiero\/","title":{"rendered":"Apoyo Financiero"},"content":{"rendered":"<p>[vc_row el_class=\u00bbespaciado\u00bb][vc_column css=\u00bb.vc_custom_1602769662476{padding-top: 20px !important;}\u00bb][vc_column_text css=\u00bb.vc_custom_1602769942285{margin-bottom: 5px !important;}\u00bb]<\/p>\n<p class=\"titulo-yellow\" style=\"text-align: center;\">Apoyo Financiero<\/p>\n<p>[\/vc_column_text][vc_separator color=\u00bbcustom\u00bb border_width=\u00bb2&#8243; el_width=\u00bb20&#8243; accent_color=\u00bb#efca34&#8243;][vc_column_text]<\/p>\n<p>Las comisiones de servicio est\u00e1n parcialmente financiadas por el programa MobiliseSME.<\/p>\n<p>El prop\u00f3sito del apoyo financiero es contribuir a los gastos realizados por el empleado, directivo, propietario o copropietario durante la estancia.<\/p>\n<p>La ayuda econ\u00f3mica depende del pa\u00eds en el que tenga lugar la comisi\u00f3n de servicio, las ayudas financieras mensuales se detallan en la siguiente tabla:<\/p>\n<p>[\/vc_column_text][vc_column_text el_class=\u00bbtabla\u00bb]<\/p>\n<p><strong>Asistencia financiera mensual pagada por las organizaciones asociadas de env\u00edo a terceros (Empresas de Env\u00edo)<\/strong><\/p>\n<table class=\"table aligncenter\">\n<thead>\n<tr>\n<th scope=\"col\">Pa\u00eds de estancia \/ Pa\u00eds anfitri\u00f3n<\/th>\n<th scope=\"col\">Importe por mes \/ \u20ac<\/th>\n<\/tr>\n<\/thead>\n<tbody>\n<tr>\n<td>Albania<\/td>\n<td>530<\/td>\n<\/tr>\n<tr>\n<td>Austria<\/td>\n<td>900<\/td>\n<\/tr>\n<tr>\n<td>B\u00e9lgica<\/td>\n<td>830<\/td>\n<\/tr>\n<tr>\n<td>Bulgaria<\/td>\n<td>560<\/td>\n<\/tr>\n<tr>\n<td>Croacia<\/td>\n<td>720<\/td>\n<\/tr>\n<tr>\n<td>Chipre<\/td>\n<td>780<\/td>\n<\/tr>\n<tr>\n<td>Rep\u00fablica Checa<\/td>\n<td>610<\/td>\n<\/tr>\n<tr>\n<td>Dinamarca<\/td>\n<td>1100<\/td>\n<\/tr>\n<tr>\n<td>Alemania<\/td>\n<td>830<\/td>\n<\/tr>\n<tr>\n<td>Estonia<\/td>\n<td>670<\/td>\n<\/tr>\n<tr>\n<td>Finlandia<\/td>\n<td>950<\/td>\n<\/tr>\n<tr>\n<td>Rep\u00fablica de Macedonia del Norte<\/td>\n<td>560<\/td>\n<\/tr>\n<tr>\n<td>Francia<\/td>\n<td>900<\/td>\n<\/tr>\n<tr>\n<td>Grecia<\/td>\n<td>780<\/td>\n<\/tr>\n<tr>\n<td>Hungr\u00eda<\/td>\n<td>670<\/td>\n<\/tr>\n<tr>\n<td>Islandia<\/td>\n<td>900<\/td>\n<\/tr>\n<tr>\n<td>Irlanda<\/td>\n<td>1000<\/td>\n<\/tr>\n<tr>\n<td>Italia<\/td>\n<td>900<\/td>\n<\/tr>\n<tr>\n<td>Letonia<\/td>\n<td>610<\/td>\n<\/tr>\n<tr>\n<td>Lituania<\/td>\n<td>560<\/td>\n<\/tr>\n<tr>\n<td>Luxemburgo<\/td>\n<td>830<\/td>\n<\/tr>\n<tr>\n<td>Malta<\/td>\n<td>720<\/td>\n<\/tr>\n<tr>\n<td>Montenegro<\/td>\n<td>560<\/td>\n<\/tr>\n<tr>\n<td>Pa\u00edses Bajos<\/td>\n<td>830<\/td>\n<\/tr>\n<tr>\n<td>Polonia<\/td>\n<td>610<\/td>\n<\/tr>\n<tr>\n<td>Portugal<\/td>\n<td>780<\/td>\n<\/tr>\n<tr>\n<td>Ruman\u00eda<\/td>\n<td>560<\/td>\n<\/tr>\n<tr>\n<td>Serbia<\/td>\n<td>560<\/td>\n<\/tr>\n<tr>\n<td>Eslovaquia<\/td>\n<td>610<\/td>\n<\/tr>\n<tr>\n<td>Eslovenia<\/td>\n<td>720<\/td>\n<\/tr>\n<tr>\n<td>Espa\u00f1a<\/td>\n<td>830<\/td>\n<\/tr>\n<tr>\n<td>Suecia<\/td>\n<td>950<\/td>\n<\/tr>\n<tr>\n<td>Turqu\u00eda<\/td>\n<td>750<\/td>\n<\/tr>\n<tr>\n<td>Reino Unido<\/td>\n<td>1000<\/td>\n<\/tr>\n<tr>\n<td>Empleados con discapacidad (independientemente del pa\u00eds de estancia)<\/td>\n<td>1100<\/td>\n<\/tr>\n<\/tbody>\n<\/table>\n<p>[\/vc_column_text][vc_column_text]<\/p>\n<p>La subvenci\u00f3n de la Uni\u00f3n Europea puede cubrir los gastos de viaje relacionados con la toma de funciones en la empresa de acogida, una parte de los gastos de expatriaci\u00f3n y los gastos de integraci\u00f3n y, en su caso, tambi\u00e9n una breve formaci\u00f3n ling\u00fc\u00edstica.<\/p>\n<p>Para m\u00e1s detalles, comun\u00edquese con cualquiera de los Puntos de Contacto Local que gestionan el programa MobiliseSME en la secci\u00f3n \u201cPuntos de Contacto Local\u201d.<\/p>\n<p>[\/vc_column_text][\/vc_column][\/vc_row]<\/p>\n","protected":false},"excerpt":{"rendered":"<p>[vc_row el_class=\u00bbespaciado\u00bb][vc_column css=\u00bb.vc_custom_1602769662476{padding-top: 20px !important;}\u00bb][vc_column_text css=\u00bb.vc_custom_1602769942285{margin-bottom: 5px !important;}\u00bb] Apoyo Financiero [\/vc_column_text][vc_separator color=\u00bbcustom\u00bb border_width=\u00bb2&#8243; el_width=\u00bb20&#8243; accent_color=\u00bb#efca34&#8243;][vc_column_text] Las comisiones de servicio est\u00e1n parcialmente financiadas por el programa MobiliseSME. El prop\u00f3sito del apoyo financiero es contribuir a los gastos realizados por el empleado, directivo, propietario o copropietario durante la estancia. La ayuda econ\u00f3mica depende del pa\u00eds en el que tenga lugar la comisi\u00f3n de servicio, las ayudas financieras mensuales se detallan en la siguiente tabla: [\/vc_column_text][vc_column_text el_class=\u00bbtabla\u00bb] Asistencia financiera mensual pagada por las organizaciones asociadas de env\u00edo a terceros (Empresas de Env\u00edo) Pa\u00eds de estancia \/ Pa\u00eds anfitri\u00f3n Importe por mes \/ \u20ac [&hellip;]<\/p>\n","protected":false},"author":1,"featured_media":0,"parent":0,"menu_order":0,"comment_status":"closed","ping_status":"closed","template":"","meta":[],"yoast_head":"<!-- This site is optimized with the Yoast SEO plugin v15.4 - https:\/\/yoast.com\/wordpress\/plugins\/seo\/ -->\n<title>Apoyo Financiero - Mobilsesme<\/title>\n<meta name=\"robots\" content=\"index, follow, max-snippet:-1, max-image-preview:large, max-video-preview:-1\" \/>\n<link rel=\"canonical\" href=\"https:\/\/mobilise-sme.eu\/es\/financial-support\/\" \/>\n<meta property=\"og:locale\" content=\"es_ES\" \/>\n<meta property=\"og:type\" content=\"article\" \/>\n<meta property=\"og:title\" content=\"Apoyo Financiero - Mobilsesme\" \/>\n<meta property=\"og:description\" content=\"[vc_row el_class=\u00bbespaciado\u00bb][vc_column css=\u00bb.vc_custom_1602769662476{padding-top: 20px !important;}\u00bb][vc_column_text css=\u00bb.vc_custom_1602769942285{margin-bottom: 5px !important;}\u00bb] Apoyo Financiero [\/vc_column_text][vc_separator color=\u00bbcustom\u00bb border_width=\u00bb2&#8243; el_width=\u00bb20&#8243; accent_color=\u00bb#efca34&#8243;][vc_column_text] Las comisiones de servicio est\u00e1n parcialmente financiadas por el programa MobiliseSME. El prop\u00f3sito del apoyo financiero es contribuir a los gastos realizados por el empleado, directivo, propietario o copropietario durante la estancia. La ayuda econ\u00f3mica depende del pa\u00eds en el que tenga lugar la comisi\u00f3n de servicio, las ayudas financieras mensuales se detallan en la siguiente tabla: [\/vc_column_text][vc_column_text el_class=\u00bbtabla\u00bb] Asistencia financiera mensual pagada por las organizaciones asociadas de env\u00edo a terceros (Empresas de Env\u00edo) Pa\u00eds de estancia \/ Pa\u00eds anfitri\u00f3n Importe por mes \/ \u20ac [&hellip;]\" \/>\n<meta property=\"og:url\" content=\"https:\/\/mobilise-sme.eu\/financial-support\/\" \/>\n<meta property=\"og:site_name\" content=\"Mobilsesme\" \/>\n<meta property=\"article:modified_time\" content=\"2021-03-25T09:55:17+00:00\" \/>\n<meta name=\"twitter:card\" content=\"summary_large_image\" \/>\n<meta name=\"twitter:label1\" content=\"Escrito por\">\n\t<meta name=\"twitter:data1\" content=\"sumaysube\">\n\t<meta name=\"twitter:label2\" content=\"Tiempo de lectura\">\n\t<meta name=\"twitter:data2\" content=\"1 minuto\">\n<script type=\"application\/ld+json\" class=\"yoast-schema-graph\">{\"@context\":\"https:\/\/schema.org\",\"@graph\":[{\"@type\":\"WebSite\",\"@id\":\"https:\/\/mobilise-sme.eu\/#website\",\"url\":\"https:\/\/mobilise-sme.eu\/\",\"name\":\"Mobilsesme\",\"description\":\"Otro sitio realizado con WordPress\",\"potentialAction\":[{\"@type\":\"SearchAction\",\"target\":\"https:\/\/mobilise-sme.eu\/?s={search_term_string}\",\"query-input\":\"required name=search_term_string\"}],\"inLanguage\":\"es\"},{\"@type\":\"WebPage\",\"@id\":\"https:\/\/mobilise-sme.eu\/financial-support\/#webpage\",\"url\":\"https:\/\/mobilise-sme.eu\/financial-support\/\",\"name\":\"Apoyo Financiero - Mobilsesme\",\"isPartOf\":{\"@id\":\"https:\/\/mobilise-sme.eu\/#website\"},\"datePublished\":\"2021-02-02T08:42:42+00:00\",\"dateModified\":\"2021-03-25T09:55:17+00:00\",\"inLanguage\":\"es\",\"potentialAction\":[{\"@type\":\"ReadAction\",\"target\":[\"https:\/\/mobilise-sme.eu\/financial-support\/\"]}]}]}<\/script>\n<!-- \/ Yoast SEO plugin. -->","_links":{"self":[{"href":"https:\/\/mobilise-sme.eu\/es\/wp-json\/wp\/v2\/pages\/1721\/"}],"collection":[{"href":"https:\/\/mobilise-sme.eu\/es\/wp-json\/wp\/v2\/pages\/"}],"about":[{"href":"https:\/\/mobilise-sme.eu\/es\/wp-json\/wp\/v2\/types\/page\/"}],"author":[{"embeddable":true,"href":"https:\/\/mobilise-sme.eu\/es\/wp-json\/wp\/v2\/users\/1\/"}],"replies":[{"embeddable":true,"href":"https:\/\/mobilise-sme.eu\/es\/wp-json\/wp\/v2\/comments\/?post=1721"}],"version-history":[{"count":10,"href":"https:\/\/mobilise-sme.eu\/es\/wp-json\/wp\/v2\/pages\/1721\/revisions\/"}],"predecessor-version":[{"id":2531,"href":"https:\/\/mobilise-sme.eu\/es\/wp-json\/wp\/v2\/pages\/1721\/revisions\/2531\/"}],"wp:attachment":[{"href":"https:\/\/mobilise-sme.eu\/es\/wp-json\/wp\/v2\/media\/?parent=1721"}],"curies":[{"name":"wp","href":"https:\/\/api.w.org\/{rel}","templated":true}]}}