{"id":1648,"date":"2021-01-20T14:14:30","date_gmt":"2021-01-20T14:14:30","guid":{"rendered":"https:\/\/mobilise-sme.eu\/home\/"},"modified":"2022-07-06T08:28:08","modified_gmt":"2022-07-06T06:28:08","slug":"home","status":"publish","type":"page","link":"https:\/\/mobilise-sme.eu\/sr\/","title":{"rendered":"Home"},"content":{"rendered":"<p>[vc_row css=&#8220;.vc_custom_1608032447507{padding-top: 200px !important;padding-bottom: 200px !important;background-image: url(https:\/\/mobilise-sme.eu\/wp-content\/uploads\/2020\/11\/portada.png?id=430) !important;background-position: center !important;background-repeat: no-repeat !important;background-size: cover !important;}&#8220; el_class=&#8220;bloque1&#8243;][vc_column width=&#8220;2\/5&#8243; css=&#8220;.vc_custom_1645599890468{padding-top: 20px !important;padding-right: 20px !important;padding-bottom: 15px !important;padding-left: 20px !important;background-color: rgba(0,74,135,0.9) !important;*background-color: rgb(0,74,135) !important;}&#8220; el_class=&#8220;bloque_azul&#8220;][vc_column_text css=&#8220;.vc_custom_1657022592333{margin-bottom: 15px !important;}&#8220;]<\/p>\n<p class=\"titulo\">MobiliseSME<\/p>\n<p class=\"text\" style=\"margin-bottom: 7px;\">MobiliseSME je program koji je pokrenula EU (EURES, EASI). Cilj ovog programa jeste da pomogne u razvoju ve\u0161tina i kapaciteta osoblja preduzec\u0301a (zaposleni, menad\u017eer i vlasnici ili suvlasnici) uspostavljanjem kontakata kako bi pobolj\u0161ali me\u0111unarodne kompetencije i putem ovakve razmene omogu\u0107ili svojim zaposlenima razvoj novih ve\u0161tina.<\/p>\n<p class=\"text\">Nadovezujuc\u0301i se na uspe\u0161an pilot projekat\u00a0<a href=\"https:\/\/www.european-entrepreneurs.org\/projects\/mobilisesme\/\">\u201cMobiliseSME\u201d (VS\/2015\/0354)<\/a>\u00a0koji su u periodu izme\u0111u 2015. i 2017. implementirali\u00a0European Entrepreneurs CEA-PME, ovaj program ima za cilj da podr\u017ei zaposlene koji \u017eele da iskuse prekograni\u010dnu mobilnost u drugoj kompaniji u ograni\u010denom vremenskom periodu zadr\u017eavaju\u0107i pritom ugovornu\u00a0obavezu sa svojim poslodavcem.<\/p>\n<p>[\/vc_column_text][vc_btn title=&#8220;Vi\u0161e informacija&#8220; shape=&#8220;round&#8220; color=&#8220;white&#8220; align=&#8220;left&#8220; link=&#8220;url:https%3A%2F%2Fmobilise-sme.eu%2Fsr%2Fo-programu-moblilise-sme%2F|title:Vi%C5%A1e%20informacija|&#8220; el_class=&#8220;boton-blanco boton-home1&#8243;][vc_column_text el_class=&#8220;boton-home2&#8243;]<\/p>\n<p class=\"homebutton\" style=\"text-align: center;\"><a href=\"https:\/\/mobilise-sme.eu\/wp-content\/uploads\/2020\/12\/MobiliseSME_Guide-for-participants-1.pdf\" target=\"_blank\" rel=\"noopener noreferrer\"><img src=\"https:\/\/mobilise-sme.eu\/wp-content\/uploads\/2020\/11\/Rectangle-42.png\" alt=\"icono documento\" \/> Mobilise SME vodi\u010d<\/a><\/p>\n<p>[\/vc_column_text][\/vc_column][vc_column width=&#8220;3\/5&#8243;][\/vc_column][\/vc_row][vc_row content_placement=&#8220;middle&#8220; css=&#8220;.vc_custom_1602673164695{padding-top: 20px !important;padding-bottom: 20px !important;background-color: #efca34 !important;}&#8220; el_class=&#8220;bloque2&#8243;][vc_column][vc_column_text css=&#8220;.vc_custom_1602673371394{margin-bottom: 5px !important;}&#8220;]<\/p>\n<p class=\"titulo\" style=\"text-align: center;\">Ko mo\u017ee da u\u010destvuje?<\/p>\n<p>[\/vc_column_text][vc_separator color=&#8220;white&#8220; border_width=&#8220;2&#8243; el_width=&#8220;10&#8243; css=&#8220;.vc_custom_1602673333400{margin-top: 0px !important;margin-bottom: 0px !important;}&#8220;][vc_row_inner][vc_column_inner width=&#8220;1\/2&#8243;][vc_single_image image=&#8220;1321&#8243; img_size=&#8220;full&#8220; alignment=&#8220;center&#8220; css=&#8220;.vc_custom_1604398623363{margin-bottom: 10px !important;}&#8220;][vc_column_text el_class=&#8220;texto-home&#8220;]<\/p>\n<p style=\"text-align: center;\"><strong>Podnosioci zahteva (MSP)<\/strong><\/p>\n<p style=\"text-align: center;\">Podnosioci zahteva su mala i srednja preduzec\u0301a (MSP). Oni se mogu prijaviti za program registracijom na platformi za povezivanje ili kontaktiranjem bilo kog od partnera koji predstavljaju kontakt ta\u010dke za realizaciju programa u njihovoj zemlji.<\/p>\n<p>[\/vc_column_text][vc_btn title=&#8220;Vi\u0161e informacija&#8220; shape=&#8220;round&#8220; color=&#8220;white&#8220; align=&#8220;center&#8220; link=&#8220;url:https%3A%2F%2Fmobilise-sme.eu%2Fsr%2Fko-moze-da-ucestvuje%2F|title:Vi%C5%A1e%20informacija|&#8220; el_class=&#8220;boton-blanco boton-desk&#8220;][\/vc_column_inner][vc_column_inner width=&#8220;1\/2&#8243;][vc_single_image image=&#8220;1327&#8243; img_size=&#8220;full&#8220; alignment=&#8220;center&#8220; css=&#8220;.vc_custom_1604398630351{margin-bottom: 10px !important;}&#8220;][vc_column_text el_class=&#8220;texto-home&#8220;]<\/p>\n<p style=\"text-align: center;\"><strong>U\u010desnici (Zaposleni, Menad\u017eeri, Vlasnici\/Suvlasnici)<\/strong><\/p>\n<p style=\"text-align: center;\">U\u010desnici su zaposleni koji rade u malim ili srednjim preduze\u0107ima koja su se prijavila za u\u010de\u0161\u0107e u programu Mobilise SME. Pod pojmom u\u010desnik podrazumevaju se zaposleni, menad\u017eeri, vlasnici ili suvlasnici malih i srednjih preduze\u0107a.<\/p>\n<p>[\/vc_column_text][vc_btn title=&#8220;Vi\u0161e informacija&#8220; shape=&#8220;round&#8220; color=&#8220;white&#8220; align=&#8220;center&#8220; link=&#8220;url:https%3A%2F%2Fmobilise-sme.eu%2Fsr%2Fko-moze-da-ucestvuje%2F|title:Vi%C5%A1e%20informacija|&#8220; el_class=&#8220;boton-blanco boton-desk&#8220;][\/vc_column_inner][vc_column_inner el_class=&#8220;boton-resp&#8220;][vc_btn title=&#8220;Vi\u0161e informacija&#8220; shape=&#8220;round&#8220; color=&#8220;white&#8220; align=&#8220;center&#8220; link=&#8220;url:https%3A%2F%2Fmobilise-sme.eu%2Fsr%2Fkako-se-prijaviti-za-ucesce%2F|title:Vi%C5%A1e%20informacija|&#8220; el_class=&#8220;boton-blanco&#8220;][\/vc_column_inner][\/vc_row_inner][\/vc_column][\/vc_row][vc_row content_placement=&#8220;middle&#8220; css=&#8220;.vc_custom_1602674082740{padding-top: 20px !important;padding-bottom: 20px !important;}&#8220; el_class=&#8220;bloque3&#8243;][vc_column][vc_column_text css=&#8220;.vc_custom_1602674037059{margin-bottom: 5px !important;}&#8220;]<\/p>\n<p class=\"titulo\" style=\"text-align: center;\">Kako da se prijavite za u\u010de\u0161\u0107e?<\/p>\n<p>[\/vc_column_text][vc_separator color=&#8220;custom&#8220; border_width=&#8220;2&#8243; el_width=&#8220;10&#8243; css=&#8220;.vc_custom_1602674075761{margin-top: 0px !important;margin-bottom: 0px !important;}&#8220; accent_color=&#8220;#0d5387&#8243;][vc_row_inner css=&#8220;.vc_custom_1602762299583{padding-top: 30px !important;}&#8220;][vc_column_inner width=&#8220;1\/4&#8243;][vc_column_text]<\/p>\n<div class=\"number-block\">\n<p class=\"number\" style=\"text-align: center;\"><strong>1<\/strong><\/p>\n<\/div>\n<p class=\"text\" style=\"text-align: center;\">Kontaktirajte lokalne partnere.<\/p>\n<p>[\/vc_column_text][\/vc_column_inner][vc_column_inner width=&#8220;1\/4&#8243;][vc_column_text]<\/p>\n<div class=\"number-block\">\n<p class=\"number\" style=\"text-align: center;\"><strong>2<\/strong><\/p>\n<\/div>\n<p class=\"text\" style=\"text-align: center;\">Registrujte se na platformi za povezivanje i prona\u0111ite poslovnog partnera.<\/p>\n<p>[\/vc_column_text][\/vc_column_inner][vc_column_inner width=&#8220;1\/4&#8243;][vc_column_text]<\/p>\n<div class=\"number-block\">\n<p class=\"number\" style=\"text-align: center;\"><strong>3<\/strong><\/p>\n<\/div>\n<p class=\"text\" style=\"text-align: center;\">Rad na dokumentu MobiliseSME Learning (akcionom planu).<\/p>\n<p>[\/vc_column_text][\/vc_column_inner][vc_column_inner width=&#8220;1\/4&#8243;][vc_column_text]<\/p>\n<div class=\"number-block\">\n<p class=\"number\" style=\"text-align: center;\"><strong>4<\/strong><\/p>\n<\/div>\n<p class=\"text\" style=\"text-align: center;\">Spremni za polazak!!<\/p>\n<p>[\/vc_column_text][\/vc_column_inner][\/vc_row_inner][vc_row_inner el_class=&#8220;boton&#8220;][vc_column_inner][vc_btn title=&#8220;Vi\u0161e informacija&#8220; shape=&#8220;round&#8220; color=&#8220;blue&#8220; align=&#8220;center&#8220; link=&#8220;url:https%3A%2F%2Fmobilise-sme.eu%2Fsr%2Fkako-se-prijaviti-za-ucesce%2F|title:Vi%C5%A1e%20informacija|&#8220;][\/vc_column_inner][\/vc_row_inner][\/vc_column][\/vc_row][vc_row content_placement=&#8220;middle&#8220; css=&#8220;.vc_custom_1602675566973{padding-top: 20px !important;padding-right: 0px !important;padding-bottom: 20px !important;padding-left: 0px !important;}&#8220; el_class=&#8220;bloque4&#8243;][vc_column][vc_row_inner el_class=&#8220;bloque4&#8243;][vc_column_inner el_class=&#8220;bloque-flecha&#8220; width=&#8220;1\/2&#8243; css=&#8220;.vc_custom_1639665554021{padding-top: 57.5px !important;padding-bottom: 57.5px !important;background-color: #efca34 !important;}&#8220;][vc_column_text]<\/p>\n<p class=\"flecha\"><a href=\"https:\/\/mobilise-sme.eu\/sr\/finansijska-podrska\/\">Finansijska podr\u0161ka<img src=\"https:\/\/mobilise-sme.eu\/wp-content\/uploads\/2020\/11\/flecha.png\" alt=\"Financial support\" \/><\/a><\/p>\n<p>[\/vc_column_text][\/vc_column_inner][vc_column_inner el_class=&#8220;bloque-flecha&#8220; width=&#8220;1\/2&#8243; css=&#8220;.vc_custom_1639665562361{padding-top: 57.5px !important;padding-bottom: 57.5px !important;background-color: #0d5387 !important;}&#8220;][vc_column_text]<\/p>\n<p class=\"flecha\"><a href=\"https:\/\/mobilise-sme.eu\/sr\/lokalni-partneri\/\">Lokalni partneri<img src=\"https:\/\/mobilise-sme.eu\/wp-content\/uploads\/2020\/11\/flecha.png\" alt=\"Local contact points\" \/><\/a><\/p>\n<p>[\/vc_column_text][\/vc_column_inner][\/vc_row_inner][\/vc_column][\/vc_row][vc_row content_placement=&#8220;middle&#8220; css=&#8220;.vc_custom_1606896014959{padding-top: 20px !important;padding-bottom: 0px !important;}&#8220; el_class=&#8220;bloque5&#8243;][vc_column][vc_column_text css=&#8220;.vc_custom_1602675887684{margin-bottom: 5px !important;}&#8220;]<\/p>\n<p class=\"titulo\" style=\"text-align: center;\">Vesti<\/p>\n<p>[\/vc_column_text][vc_separator color=&#8220;custom&#8220; border_width=&#8220;2&#8243; el_width=&#8220;10&#8243; css=&#8220;.vc_custom_1602674075761{margin-top: 0px !important;margin-bottom: 0px !important;}&#8220; accent_color=&#8220;#0d5387&#8243;][vc_row_inner css=&#8220;.vc_custom_1639993463867{padding-top: 30px !important;padding-right: 0px !important;padding-left: 0px !important;}&#8220;][vc_column_inner css=&#8220;.vc_custom_1606289082552{padding-right: 0px !important;padding-left: 0px !important;}&#8220;][vc_raw_html]JTVCc3Bfd3BjYXJvdXNlbCUyMGlkJTNEJTIyMzIyMyUyMiU1RA==[\/vc_raw_html][\/vc_column_inner][\/vc_row_inner][\/vc_column][\/vc_row][vc_row css=&#8220;.vc_custom_1608032515955{padding-top: 100px !important;padding-bottom: 100px !important;background-image: url(https:\/\/mobilise-sme.eu\/wp-content\/uploads\/2020\/11\/Rectangle-11.png?id=504) !important;background-position: center !important;background-repeat: no-repeat !important;background-size: cover !important;}&#8220; el_class=&#8220;bloque6&#8243;][vc_column width=&#8220;2\/5&#8243; css=&#8220;.vc_custom_1606895071608{padding-top: 30px !important;padding-right: 20px !important;padding-bottom: 20px !important;padding-left: 20px !important;background-color: rgba(239,202,52,0.9) !important;*background-color: rgb(239,202,52) !important;}&#8220;][vc_column_text]<\/p>\n<p class=\"titulo\">Dobrodo\u0161li na Mobilise SME platformu za povezivanje<\/p>\n<p class=\"text\">Ako ste novi podnosilac zahteva koji \u017eeli da registruje novo MSP ili preduzec\u0301e, kliknite na \u201ePokreni aplikaciju\u201c. Ako ste se vec\u0301 registrovali, kliknite na \u201ePrijava\u201c.<\/p>\n<p class=\"text\">Kliknite na \u201eVodi\u010d za registraciju MobiliseSME\u201c za detaljni vodi\u010d za registovanje na platformi.<\/p>\n<p class=\"text\">Tako\u0111e mo\u017eete da kliknete na \u201eVodi\u010d za MobiliseSME\u201c da biste saznali vi\u0161e detalja o tome kako u\u010destvovati u programu. U nastavku mo\u017eete prona\u0107i informacije o uslovima u\u010de\u0161\u0107a.<\/p>\n<p>[\/vc_column_text][vc_btn title=&#8220;Vi\u0161e informacija&#8220; shape=&#8220;round&#8220; color=&#8220;white&#8220; align=&#8220;left&#8220; link=&#8220;url:https%3A%2F%2Fmobilise-sme.eu%2Fsr%2Fplatforma-za-povezivanje%2F|title:Vi%C5%A1e%20informacija|&#8220; css=&#8220;.vc_custom_1607952988802{margin-bottom: 0px !important;}&#8220;][\/vc_column][vc_column width=&#8220;3\/5&#8243;][\/vc_column][\/vc_row]<\/p>\n","protected":false},"excerpt":{"rendered":"<p>[vc_row css=&#8220;.vc_custom_1608032447507{padding-top: 200px !important;padding-bottom: 200px !important;background-image: url(https:\/\/mobilise-sme.eu\/wp-content\/uploads\/2020\/11\/portada.png?id=430) !important;background-position: center !important;background-repeat: no-repeat !important;background-size: cover !important;}&#8220; el_class=&#8220;bloque1&#8243;][vc_column width=&#8220;2\/5&#8243; css=&#8220;.vc_custom_1645599890468{padding-top: 20px !important;padding-right: 20px !important;padding-bottom: 15px !important;padding-left: 20px !important;background-color: rgba(0,74,135,0.9) !important;*background-color: rgb(0,74,135) !important;}&#8220; el_class=&#8220;bloque_azul&#8220;][vc_column_text css=&#8220;.vc_custom_1657022592333{margin-bottom: 15px !important;}&#8220;] MobiliseSME MobiliseSME je program koji je pokrenula EU (EURES, EASI). Cilj ovog programa jeste da pomogne u razvoju ve\u0161tina i kapaciteta osoblja preduzec\u0301a (zaposleni, menad\u017eer i vlasnici ili suvlasnici) uspostavljanjem kontakata kako bi pobolj\u0161ali me\u0111unarodne kompetencije i putem ovakve razmene omogu\u0107ili svojim zaposlenima razvoj novih ve\u0161tina. Nadovezujuc\u0301i se na uspe\u0161an pilot projekat\u00a0\u201cMobiliseSME\u201d (VS\/2015\/0354)\u00a0koji su u periodu izme\u0111u 2015. i 2017. implementirali\u00a0European Entrepreneurs CEA-PME, ovaj program ima za [&hellip;]<\/p>\n","protected":false},"author":1,"featured_media":0,"parent":0,"menu_order":0,"comment_status":"closed","ping_status":"closed","template":"","meta":[],"yoast_head":"<!-- This site is optimized with the Yoast SEO plugin v15.4 - https:\/\/yoast.com\/wordpress\/plugins\/seo\/ -->\n<title>Home - Mobilsesme<\/title>\n<meta name=\"description\" content=\"Mobilsesme\" \/>\n<meta name=\"robots\" content=\"index, follow, max-snippet:-1, max-image-preview:large, max-video-preview:-1\" \/>\n<link rel=\"canonical\" href=\"https:\/\/mobilise-sme.eu\/sr\/\" \/>\n<meta property=\"og:locale\" content=\"sr_RS\" \/>\n<meta property=\"og:type\" content=\"article\" \/>\n<meta property=\"og:title\" content=\"Home - Mobilsesme\" \/>\n<meta property=\"og:description\" content=\"Mobilsesme\" \/>\n<meta property=\"og:url\" content=\"https:\/\/mobilise-sme.eu\/sr\/\" \/>\n<meta property=\"og:site_name\" content=\"Mobilsesme\" \/>\n<meta property=\"article:modified_time\" content=\"2022-07-06T06:28:08+00:00\" \/>\n<meta property=\"og:image\" content=\"https:\/\/mobilise-sme.eu\/wp-content\/uploads\/2021\/02\/logo_mobilisesme-1536x292-1.png\" \/>\n\t<meta property=\"og:image:width\" content=\"1536\" \/>\n\t<meta property=\"og:image:height\" content=\"292\" \/>\n<meta name=\"twitter:card\" content=\"summary_large_image\" \/>\n<meta name=\"twitter:image\" content=\"https:\/\/mobilise-sme.eu\/wp-content\/uploads\/2021\/02\/logo_mobilisesme-1536x292-1.png\" \/>\n<meta name=\"twitter:label1\" content=\"Written by\">\n\t<meta name=\"twitter:data1\" content=\"sumaysube\">\n\t<meta name=\"twitter:label2\" content=\"Est. reading time\">\n\t<meta name=\"twitter:data2\" content=\"5 \u043c\u0438\u043d\u0443\u0442\u0430\">\n<script type=\"application\/ld+json\" class=\"yoast-schema-graph\">{\"@context\":\"https:\/\/schema.org\",\"@graph\":[{\"@type\":\"WebSite\",\"@id\":\"https:\/\/mobilise-sme.eu\/#website\",\"url\":\"https:\/\/mobilise-sme.eu\/\",\"name\":\"Mobilsesme\",\"description\":\"Otro sitio realizado con WordPress\",\"potentialAction\":[{\"@type\":\"SearchAction\",\"target\":\"https:\/\/mobilise-sme.eu\/?s={search_term_string}\",\"query-input\":\"required name=search_term_string\"}],\"inLanguage\":\"sr-RS\"},{\"@type\":\"ImageObject\",\"@id\":\"https:\/\/mobilise-sme.eu\/sr\/#primaryimage\",\"inLanguage\":\"sr-RS\",\"url\":\"https:\/\/mobilise-sme.eu\/wp-content\/uploads\/2020\/11\/Rectangle-42.png\",\"width\":22,\"height\":23},{\"@type\":\"WebPage\",\"@id\":\"https:\/\/mobilise-sme.eu\/sr\/#webpage\",\"url\":\"https:\/\/mobilise-sme.eu\/sr\/\",\"name\":\"Home - Mobilsesme\",\"isPartOf\":{\"@id\":\"https:\/\/mobilise-sme.eu\/#website\"},\"primaryImageOfPage\":{\"@id\":\"https:\/\/mobilise-sme.eu\/sr\/#primaryimage\"},\"datePublished\":\"2021-01-20T14:14:30+00:00\",\"dateModified\":\"2022-07-06T06:28:08+00:00\",\"description\":\"Mobilsesme\",\"inLanguage\":\"sr-RS\",\"potentialAction\":[{\"@type\":\"ReadAction\",\"target\":[\"https:\/\/mobilise-sme.eu\/sr\/\"]}]}]}<\/script>\n<!-- \/ Yoast SEO plugin. -->","_links":{"self":[{"href":"https:\/\/mobilise-sme.eu\/sr\/wp-json\/wp\/v2\/pages\/1648\/"}],"collection":[{"href":"https:\/\/mobilise-sme.eu\/sr\/wp-json\/wp\/v2\/pages\/"}],"about":[{"href":"https:\/\/mobilise-sme.eu\/sr\/wp-json\/wp\/v2\/types\/page\/"}],"author":[{"embeddable":true,"href":"https:\/\/mobilise-sme.eu\/sr\/wp-json\/wp\/v2\/users\/1\/"}],"replies":[{"embeddable":true,"href":"https:\/\/mobilise-sme.eu\/sr\/wp-json\/wp\/v2\/comments\/?post=1648"}],"version-history":[{"count":15,"href":"https:\/\/mobilise-sme.eu\/sr\/wp-json\/wp\/v2\/pages\/1648\/revisions\/"}],"predecessor-version":[{"id":4170,"href":"https:\/\/mobilise-sme.eu\/sr\/wp-json\/wp\/v2\/pages\/1648\/revisions\/4170\/"}],"wp:attachment":[{"href":"https:\/\/mobilise-sme.eu\/sr\/wp-json\/wp\/v2\/media\/?parent=1648"}],"curies":[{"name":"wp","href":"https:\/\/api.w.org\/{rel}","templated":true}]}}